{"id":479,"date":"2026-08-24T11:42:33","date_gmt":"2026-08-24T11:42:33","guid":{"rendered":"http:\/\/ny.myrle.no\/?page_id=479"},"modified":"2026-08-25T08:26:42","modified_gmt":"2026-08-25T08:26:42","slug":"musikk-til-seremonien","status":"publish","type":"page","link":"http:\/\/ny.myrle.no\/?page_id=479","title":{"rendered":"Musikk til seremonien"},"content":{"rendered":"\t\t<div data-elementor-type=\"wp-page\" data-elementor-id=\"479\" class=\"elementor elementor-479\">\n\t\t\t\t<div class=\"elementor-element elementor-element-2797dd61 e-flex e-con-boxed e-con e-parent\" data-id=\"2797dd61\" data-element_type=\"container\" data-e-type=\"container\">\n\t\t\t\t\t<div class=\"e-con-inner\">\n\t\t<div class=\"elementor-element elementor-element-252730ac e-con-full e-flex e-con e-child\" data-id=\"252730ac\" data-element_type=\"container\" data-e-type=\"container\">\n\t\t\t\t\t\n<hr class=\"e-45d3b790-5293270 e-divider-base\" data-interaction-id=\"45d3b790\"   \/>\n\t\t\t\t<div class=\"elementor-element elementor-element-71fbc072 elementor-widget elementor-widget-text-editor\" data-id=\"71fbc072\" data-element_type=\"widget\" data-e-type=\"widget\" data-widget_type=\"text-editor.default\">\n\t\t\t\t\t\t\t\t\t<div class=\"relative w-full overflow-visible\"><section class=\"text-token-text-primary w-full focus:outline-none [--shadow-height:45px] has-data-writing-block:pointer-events-none has-data-writing-block:-mt-(--shadow-height) has-data-writing-block:pt-(--shadow-height) [&amp;:has([data-writing-block])&gt;*]:pointer-events-auto [content-visibility:auto] supports-[content-visibility:auto]:[contain-intrinsic-size:auto_100lvh] R6Vx5W_threadScrollVars scroll-mb-[calc(var(--scroll-root-safe-area-inset-bottom,0px)+var(--thread-response-height))] scroll-mt-[calc(var(--header-height)+min(200px,max(70px,20svh)))]\" dir=\"auto\" data-turn-id=\"request-WEB:ff7af7cf-3f5e-4b70-b461-2ef5f79852f1-0\" data-turn-id-container=\"request-WEB:ff7af7cf-3f5e-4b70-b461-2ef5f79852f1-0\" data-testid=\"conversation-turn-2\" data-scroll-anchor=\"false\" data-turn=\"assistant\"><div class=\"text-base my-auto mx-auto pb-10 [--thread-content-margin:var(--thread-content-margin-xs,calc(var(--spacing)*4))] @w-sm\/main:[--thread-content-margin:var(--thread-content-margin-sm,calc(var(--spacing)*6))] @w-lg\/main:[--thread-content-margin:var(--thread-content-margin-lg,calc(var(--spacing)*16))] px-(--thread-content-margin)\"><div class=\"[--thread-content-max-width:40rem] @w-lg\/main:[--thread-content-max-width:48rem] mx-auto max-w-(--thread-content-max-width) flex-1 group\/turn-messages focus-visible:outline-hidden relative flex w-full min-w-0 flex-col agent-turn\"><div class=\"flex max-w-full flex-col gap-4 grow\"><div data-message-author-role=\"assistant\" data-message-id=\"0bec046e-e3c0-47bd-a68c-4c82b10ba771\" dir=\"auto\" data-message-model-slug=\"gpt-5-5\" class=\"min-h-8 text-message relative flex w-full flex-col items-end gap-2 text-start break-words whitespace-normal outline-none keyboard-focused:focus-ring [.text-message+&amp;]:mt-1\" data-turn-start-message=\"true\" tabindex=\"0\"><div class=\"flex w-full flex-col gap-1 empty:hidden\"><div class=\"markdown prose dark:prose-invert wrap-break-word w-full light markdown-new-styling\"><p data-start=\"0\" data-end=\"464\" data-is-last-node=\"\" data-is-only-node=\"\">Musikk og sang er viktige elementer i seremonien, og bidrar til \u00e5 skape en personlig og stemningsfull ramme rundt avskjeden. I seremonier i regi av Den norske kirke benyttes det vanligvis tre eller fire fellessanger (salmer), i tillegg til ett til tre soloinnslag eller instrumentale bidrag. I livssyns\u00e5pne seremonier st\u00e5r man friere til \u00e5 velge musikk og innslag ut fra egne \u00f8nsker. Vi hjelper gjerne med forslag og formidling av solister og musikere tilpasset seremonien.<\/p><p data-start=\"0\" data-end=\"464\" data-is-last-node=\"\" data-is-only-node=\"\">Under har vi samlet noen forslag til sanger og musikk som ofte benyttes i seremonier.<\/p><p><em>Mer info kommer&#8230;<\/em><\/p><\/div><\/div><\/div><\/div><\/div><\/div><\/section><\/div>\t\t\t\t\t\t\t\t<\/div>\n\t\t\t\t<\/div>\n\t\t\t\t\t<\/div>\n\t\t\t\t<\/div>\n\t\t<div class=\"elementor-element elementor-element-cf77d56 e-con e-atomic-element e-flexbox-base e-5fc7a68 \" data-id=\"cf77d56\" data-element_type=\"e-flexbox\" data-e-type=\"e-flexbox\" data-interaction-id=\"cf77d56\">\n    <div class=\"elementor-element elementor-element-31dba1c e-con e-atomic-element e-flexbox-base e-31dba1c-eeaff35 \" data-id=\"31dba1c\" data-element_type=\"e-flexbox\" data-e-type=\"e-flexbox\" data-interaction-id=\"31dba1c\">\n    <div class=\"elementor-element elementor-element-36103c7 e-flex e-con-boxed e-con e-parent\" data-id=\"36103c7\" data-element_type=\"container\" data-e-type=\"container\">\n\t\t\t\t\t<div class=\"e-con-inner\">\n\t\t<div class=\"elementor-element elementor-element-7fe224f e-con-full e-flex e-con e-child\" data-id=\"7fe224f\" data-element_type=\"container\" data-e-type=\"container\">\n\t\t\t\t<div class=\"elementor-element elementor-element-e9215ec elementor-widget elementor-widget-text-editor\" data-id=\"e9215ec\" data-element_type=\"widget\" data-e-type=\"widget\" data-widget_type=\"text-editor.default\">\n\t\t\t\t\t\t\t\t\t<h5 data-start=\"622\" data-end=\"633\">Telefon<\/h5><p data-start=\"634\" data-end=\"678\"><strong data-start=\"634\" data-end=\"653\">+47 <span>71 69 12 24\u00a0<\/span><\/strong><br data-start=\"653\" data-end=\"656\" \/>(D\u00f8gn\u00e5pen vakttelefon)<\/p><h5 data-start=\"680\" data-end=\"690\"><strong>E-post<\/strong><\/h5><p data-start=\"680\" data-end=\"690\"><a class=\"decorated-link cursor-pointer\" rel=\"noopener\" data-start=\"691\" data-end=\"703\">post@myrle.no<\/a><\/p><h5 data-start=\"705\" data-end=\"722\"><strong>Bes\u00f8ksadresse<\/strong><\/h5><p data-start=\"723\" data-end=\"752\">Konglevegen 4,<br data-start=\"736\" data-end=\"739\" \/>7340 Oppdal<\/p>\t\t\t\t\t\t\t\t<\/div>\n\t\t\t\t<\/div>\n\t\t<div class=\"elementor-element elementor-element-edf5891 e-con-full e-flex e-con e-child\" data-id=\"edf5891\" data-element_type=\"container\" data-e-type=\"container\">\n\t\t\t\t<div class=\"elementor-element elementor-element-2d5d776 elementor-widget elementor-widget-google_maps\" data-id=\"2d5d776\" data-element_type=\"widget\" data-e-type=\"widget\" data-widget_type=\"google_maps.default\">\n\t\t\t\t\t\t\t<div class=\"elementor-custom-embed\">\n\t\t\t<iframe loading=\"lazy\"\n\t\t\t\t\tsrc=\"https:\/\/maps.google.com\/maps?q=Konglevegen%204%2C%207340%20Oppdal&#038;t=m&#038;z=14&#038;output=embed&#038;iwloc=near\"\n\t\t\t\t\ttitle=\"Konglevegen 4, 7340 Oppdal\"\n\t\t\t\t\taria-label=\"Konglevegen 4, 7340 Oppdal\"\n\t\t\t><\/iframe>\n\t\t<\/div>\n\t\t\t\t\t\t<\/div>\n\t\t\t\t<\/div>\n\t\t\t\t\t<\/div>\n\t\t\t\t<\/div>\n\t\t\n<\/div>\n\n<\/div>\n\t\t<\/div>\n\t\t","protected":false},"excerpt":{"rendered":"<p>Musikk og sang er viktige elementer i seremonien, og bidrar til \u00e5 skape en personlig og stemningsfull ramme rundt avskjeden. I seremonier i regi av Den norske kirke benyttes det vanligvis tre eller fire fellessanger (salmer), i tillegg til ett til tre soloinnslag eller instrumentale bidrag. I livssyns\u00e5pne seremonier st\u00e5r [&hellip;]<\/p>\n","protected":false},"author":1,"featured_media":0,"parent":0,"menu_order":0,"comment_status":"closed","ping_status":"closed","template":"","meta":{"_angie_page":false,"_themeisle_gutenberg_block_has_review":false,"footnotes":""},"class_list":["post-479","page","type-page","status-publish","hentry"],"_links":{"self":[{"href":"http:\/\/ny.myrle.no\/index.php?rest_route=\/wp\/v2\/pages\/479","targetHints":{"allow":["GET"]}}],"collection":[{"href":"http:\/\/ny.myrle.no\/index.php?rest_route=\/wp\/v2\/pages"}],"about":[{"href":"http:\/\/ny.myrle.no\/index.php?rest_route=\/wp\/v2\/types\/page"}],"author":[{"embeddable":true,"href":"http:\/\/ny.myrle.no\/index.php?rest_route=\/wp\/v2\/users\/1"}],"replies":[{"embeddable":true,"href":"http:\/\/ny.myrle.no\/index.php?rest_route=%2Fwp%2Fv2%2Fcomments&post=479"}],"version-history":[{"count":7,"href":"http:\/\/ny.myrle.no\/index.php?rest_route=\/wp\/v2\/pages\/479\/revisions"}],"predecessor-version":[{"id":767,"href":"http:\/\/ny.myrle.no\/index.php?rest_route=\/wp\/v2\/pages\/479\/revisions\/767"}],"wp:attachment":[{"href":"http:\/\/ny.myrle.no\/index.php?rest_route=%2Fwp%2Fv2%2Fmedia&parent=479"}],"curies":[{"name":"wp","href":"https:\/\/api.w.org\/{rel}","templated":true}]}}